{"id":53,"date":"2014-09-10T16:47:15","date_gmt":"2014-09-10T20:47:15","guid":{"rendered":"http:\/\/demo.themesuite.com\/automotive-wp\/?page_id=53"},"modified":"2016-07-21T10:25:58","modified_gmt":"2016-07-21T08:25:58","slug":"faq","status":"publish","type":"page","link":"https:\/\/www.hipfl-walli.at\/hipfl-walli\/?page_id=53","title":{"rendered":"FAQ"},"content":{"rendered":"<p>[vc_row][vc_column]<div class=\"list_faq clearfix \"><h5>H\u00e4ufig gestellte Fragen<\/h5><ul><\/ul><\/div><div class=\"accodian_panel margin-top-30\"><div class=\"panel-group description-accordion faq-sort faq margin-bottom-none\" id=\"accordion\"> <!--description--><div class=\"panel panel-default padding-top-20 padding-bottom-15\" data-categories=\"\"><div class=\"panel-heading padding-vertical-10 padding-horizontal-15\"><h4 class=\"panel-title padding-left-30\"> <a data-toggle=\"collapse\" data-parent=\"#accordion\" href=\"#collapse_EeRgTNhEjl\" class=\"in\">Mein Fahrzeug ist noch innerhalb der Herstellergarantie, k\u00f6nnen Sie ein Jahresservice bzw Garantieleistungen durchf\u00fchren?<\/a> <\/h4><\/div><div id=\"collapse_EeRgTNhEjl\" class=\"panel-collapse in\" style=\"height: auto;\"><div class=\"panel-body\"> <!--Panel_body--><div class=\"faq_post padding-left-40\"><div class=\"post-entry clearfix margin-top-10\">Ja, durch eine EU Richtlinie ist es auch Markenoffenen Werkst\u00e4tten gestattet Serviceleistungen oder Garantiearbeiten ohne beeintr\u00e4chtigung Ihrer Herstellergarantie durchzuf\u00fchren. Wir f\u00fchren das Service entsprechend der Herstellervorschriften aus und gew\u00e4hrleisten ihre Verkehrs und Betriebssicherheit<\/div><\/div><!--Panel_body--> <\/div><\/div><\/div><!--description--> <!--description--><div class=\"panel panel-default padding-top-20 padding-bottom-15\" data-categories=\"\"><div class=\"panel-heading padding-vertical-10 padding-horizontal-15\"><h4 class=\"panel-title padding-left-30\"> <a data-toggle=\"collapse\" data-parent=\"#accordion\" href=\"#collapse_mYasViHQZE\" class=\"collapsed\">Kann ich auch mit meinem Tandem (2 Achs Anh\u00e4nger) zum Pickerl (\u00a757a \u00dcberpr\u00fcfung) vorbeikommen?<\/a> <\/h4><\/div><div id=\"collapse_mYasViHQZE\" class=\"panel-collapse collapse\" style=\"height: 0px;\"><div class=\"panel-body\"> <!--Panel_body--><div class=\"faq_post padding-left-40\"><div class=\"post-entry clearfix margin-top-10\">Ja, wir d\u00fcrfen ALLE Fahrzeuge, welche in \u00d6sterreich der wiederkehrenden Begutachtung gem\u00e4\u00df \u00a757a KFG 1967 unterliegen \u00fcberpr\u00fcfen.<\/div><\/div><!--Panel_body--> <\/div><\/div><\/div><!--description--> <!--description--><div class=\"panel panel-default padding-top-20 padding-bottom-15\" data-categories=\"\"><div class=\"panel-heading padding-vertical-10 padding-horizontal-15\"><h4 class=\"panel-title padding-left-30\"> <a data-toggle=\"collapse\" data-parent=\"#accordion\" href=\"#collapse_HJOoSnYeKi\" class=\"collapsed\">Bei meinem LKW geh\u00f6rt neben dem Pickerl auch die \u00dcberpr\u00fcfung des Fahrtenschreibers, die \u00dcberpr\u00fcfung der Ladeeinrichtung\/Ladebordwand bzw. des Kranes durchgef\u00fchrt ist dies M\u00f6glich?<\/a> <\/h4><\/div><div id=\"collapse_HJOoSnYeKi\" class=\"panel-collapse collapse\" style=\"height: 0px;\"><div class=\"panel-body\"> <!--Panel_body--><div class=\"faq_post padding-left-40\"><div class=\"post-entry clearfix margin-top-10\">Ja, s\u00e4mtliche \u00dcberpr\u00fcfungen und auch die verl\u00e4ngerung des L\u00e4rmarm zertifikates werden von uns Hausintern und kurzfristig durchgef\u00fchrt. Sicherheit aus einer Hand!<\/div><\/div><!--Panel_body--> <\/div><\/div><\/div><!--description--> <!--description--><div class=\"panel panel-default padding-top-20 padding-bottom-15\" data-categories=\"\"><div class=\"panel-heading padding-vertical-10 padding-horizontal-15\"><h4 class=\"panel-title padding-left-30\"> <a data-toggle=\"collapse\" data-parent=\"#accordion\" href=\"#collapse_bSuOOGWEOu\" class=\"collapsed\">Kann ich bei Ihnen auch mit Karte zahlen?<\/a> <\/h4><\/div><div id=\"collapse_bSuOOGWEOu\" class=\"panel-collapse collapse\" style=\"height: 0px;\"><div class=\"panel-body\"> <!--Panel_body--><div class=\"faq_post padding-left-40\"><div class=\"post-entry clearfix margin-top-10\">Ja, wir akzeptieren VISA und MASTERCARD. Weiters k\u00f6nnen Sie mit Ihrer Bankomat Karte und nat\u00fcrlich bar bezahlen. Als angestammter Firmenkunde stehen Ihnen weitere Zahlungsm\u00f6glichkeiten wie z.B. auf Rechnung zur Verf\u00fcgung.<\/div><\/div><!--Panel_body--> <\/div><\/div><\/div><!--description--> <!--description--><div class=\"panel panel-default padding-top-20 padding-bottom-15\" data-categories=\"\"><div class=\"panel-heading padding-vertical-10 padding-horizontal-15\"><h4 class=\"panel-title padding-left-30\"> <a data-toggle=\"collapse\" data-parent=\"#accordion\" href=\"#collapse_yaaRjifRQe\" class=\"collapsed\">Mein Fahrzeug wurde durch einen Unfallschaden besch\u00e4digt, k\u00f6nnen Sie das Reparieren?<\/a> <\/h4><\/div><div id=\"collapse_yaaRjifRQe\" class=\"panel-collapse collapse\" style=\"height: 0px;\"><div class=\"panel-body\"> <!--Panel_body--><div class=\"faq_post padding-left-40\"><div class=\"post-entry clearfix margin-top-10\">Ja! Wir k\u00fcmmern uns auch gerne au\u00dferhalb der \u00d6ffnungszeiten um die Abholung des Fahrzeuges aus der Gefahrenzone und k\u00fcmmern uns direkt (f\u00fcr Sie kosteng\u00fcnstig) um die direkt Abwicklung mit der Versicherung. Nat\u00fcrlich auch bei kleineren Reparaturen wie Steinschl\u00e4gen in der Windschutzscheibe und kleineren Lackierarbeiten.<\/div><\/div><!--Panel_body--> <\/div><\/div><\/div><!--description--> <!--description--><div class=\"panel panel-default padding-top-20 padding-bottom-15\" data-categories=\"\"><div class=\"panel-heading padding-vertical-10 padding-horizontal-15\"><h4 class=\"panel-title padding-left-30\"> <a data-toggle=\"collapse\" data-parent=\"#accordion\" href=\"#collapse_unNxJZfdNH\" class=\"collapsed\">Ich bin auf der Suche nach einem bestimmten Fahrzeug welches nicht in Ihrem Angebot ist, k\u00f6nnen Sie mir weiter helfen?<\/a> <\/h4><\/div><div id=\"collapse_unNxJZfdNH\" class=\"panel-collapse collapse\" style=\"height: 0px;\"><div class=\"panel-body\"> <!--Panel_body--><div class=\"faq_post padding-left-40\"><div class=\"post-entry clearfix margin-top-10\">Ja, gerne gehen wir auf Ihre w\u00fcnsche Ein und k\u00fcmmern uns um die Beschaffung Ihres Traumwagens, egal ob Neu oder Gebrauchtwagen, egal ob Kilb oder Spanien, wir bringen Ihren Traumwagen zu uns!<\/div><\/div><!--Panel_body--> <\/div><\/div><\/div><!--description--> <\/div><\/div>[\/vc_column][\/vc_row]<\/p>\n","protected":false},"excerpt":{"rendered":"<p>[vc_row][vc_column][\/vc_column][\/vc_row]<\/p>\n","protected":false},"author":4,"featured_media":0,"parent":0,"menu_order":0,"comment_status":"closed","ping_status":"closed","template":"","meta":{"footnotes":""},"_links":{"self":[{"href":"https:\/\/www.hipfl-walli.at\/hipfl-walli\/index.php?rest_route=\/wp\/v2\/pages\/53"}],"collection":[{"href":"https:\/\/www.hipfl-walli.at\/hipfl-walli\/index.php?rest_route=\/wp\/v2\/pages"}],"about":[{"href":"https:\/\/www.hipfl-walli.at\/hipfl-walli\/index.php?rest_route=\/wp\/v2\/types\/page"}],"author":[{"embeddable":true,"href":"https:\/\/www.hipfl-walli.at\/hipfl-walli\/index.php?rest_route=\/wp\/v2\/users\/4"}],"replies":[{"embeddable":true,"href":"https:\/\/www.hipfl-walli.at\/hipfl-walli\/index.php?rest_route=%2Fwp%2Fv2%2Fcomments&post=53"}],"version-history":[{"count":8,"href":"https:\/\/www.hipfl-walli.at\/hipfl-walli\/index.php?rest_route=\/wp\/v2\/pages\/53\/revisions"}],"predecessor-version":[{"id":1091,"href":"https:\/\/www.hipfl-walli.at\/hipfl-walli\/index.php?rest_route=\/wp\/v2\/pages\/53\/revisions\/1091"}],"wp:attachment":[{"href":"https:\/\/www.hipfl-walli.at\/hipfl-walli\/index.php?rest_route=%2Fwp%2Fv2%2Fmedia&parent=53"}],"curies":[{"name":"wp","href":"https:\/\/api.w.org\/{rel}","templated":true}]}}